{"id":6396,"date":"2018-11-03T19:35:13","date_gmt":"2018-11-03T19:35:13","guid":{"rendered":"https:\/\/likecork.com\/shop\/sobre-nos\/"},"modified":"2018-11-13T20:53:44","modified_gmt":"2018-11-13T20:53:44","slug":"sobre-nos","status":"publish","type":"page","link":"https:\/\/likecork.com\/shop\/sobre-nos\/?lang=pt-pt","title":{"rendered":"Sobre n\u00f3s"},"content":{"rendered":"<p>[vc_row el_class=&#8221;about-us&#8221; css=&#8221;.vc_custom_1533628481474{margin-right: 0px !important;margin-bottom: 44px !important;margin-left: 0px !important;padding-bottom: 57px !important;background-color: #f5f5f5 !important;}&#8221;][vc_column][vc_column_text]<\/p>\n<h2>Likecork<\/h2>\n<p>A Corti\u00e7a, um recurso natural e renov\u00e1vel, com propriedades sensoriais e textura \u00fanicas, sempre fez parte da cultura portuguesa.<\/p>\n<p><span id=\"u210-4\">Likecork<\/span> \u00e9 uma marca de mobili\u00e1rio e acess\u00f3rios para casa, que combina o esp\u00edrito das tradi\u00e7\u00f5es Portuguesas com o respeito pela natureza criando pe\u00e7as inovadoras e eco-friendly.<\/p>\n<p>&nbsp;<\/p>\n<p>Aliamos a sustentabilidade e os saberes das t\u00e9cnicas ancestrais com a est\u00e9tica e convidamo-lo a experimentar novos n\u00edveis de conforto e aconchego que s\u00f3 a corti\u00e7a pode proporcionar.<\/p>\n<p>\u00c9 o nosso desafio e a nossa proposta.<\/p>\n<div class=\"grammarly-disable-indicator\"><\/div>\n<div class=\"grammarly-disable-indicator\"><\/div>\n<div class=\"grammarly-disable-indicator\"><\/div>\n<div class=\"grammarly-disable-indicator\"><\/div>\n<div class=\"grammarly-disable-indicator\"><\/div>\n<div class=\"grammarly-disable-indicator\"><\/div>\n<p>[\/vc_column_text][vc_empty_space height=&#8221;53px&#8221;][vc_row_inner el_class=&#8221;row-no-padding&#8221;][vc_column_inner offset=&#8221;vc_col-lg-6 vc_col-md-12&#8243;]<div class=\"bwp-widget-banner default\">\r\n\t\t\r\n\t<div class=\"bg-banner\">\t\t\r\n\t\t<div class=\"banner-wrapper banners\">\r\n\t\t\t<div class=\"bwp-image\">\r\n\t\t\t\t\t\t\t\t<a href=\"#\">\r\n\t\t\t\t\t\t<img src=\"https:\/\/likecork.com\/shop\/wp-content\/uploads\/2018\/10\/cortica.jpg\" alt=\"\"><\/a>\r\n\t\t\t\t\t\t\t<\/div>\r\n\t\t\t<div class=\"banner-wrapper-infor\">\r\n\t\t\t\t\t\t\t\t\t\t\t<\/div>\r\n\t\t<\/div>\r\n\t<\/div>\r\n\t<\/div>\r\n[\/vc_column_inner][vc_column_inner offset=&#8221;vc_col-lg-6 vc_col-md-12&#8243;][vc_column_text]<\/p>\n<h4 id=\"u4736-2\">Uma oferta da natureza&#8230;<\/h4>\n<p id=\"u4736-5\">A \u00e1rvore que partilha a corti\u00e7a connosco chama-se Sobreiro (Quercus suber L.).<\/p>\n<p id=\"u4736-7\">Esp\u00e9cie protegida em Portugal desde o s\u00e9c. XII e anfitri\u00e3o de um cen\u00e1rio \u00fanico de biodiversidade.<\/p>\n<p id=\"u4736-12\">S\u00f3 depois da \u00e1rvore alcan\u00e7ar 25 anos de vida \u00e9 manualmente retirada a primeira corti\u00e7a, que constitui o revestimento do tronco e dos ramos do sobreiro, em pe\u00e7as semi-tubulares com um machado, num ritual que se repete no ver\u00e3o e apaenas a cada 9 anos, onde as \u00e1rvores nunca s\u00e3o cortadas ou danificadas.<\/p>\n<h4 id=\"u4736-16\">A corti\u00e7a&#8230;<\/h4>\n<p id=\"u4736-19\">Um material utilizado desde os tempos ancestrais pelas suas caracter\u00edsticas \u00fanicas: leveza, elasticidade, impermeabilidade, isolante t\u00e9rmico, el\u00e9trico, absorvente ac\u00fastico e vibrat\u00f3rio.<\/p>\n<p id=\"u4736-22\">Material in\u00f3cuo e que sobrevive ao longo dos tempos sem altera\u00e7\u00f5es das suas propriedades, \u00e9 constitu\u00eddo por pequenas c\u00e9lulas quase imperme\u00e1veis que est\u00e3o cheias de um g\u00e1s semelhante ao ar, o que faz dela uma mat\u00e9ria resistente ao fogo.<\/p>\n<h4 id=\"u4736-26\">Uma oferta dos homens&#8230;<\/h4>\n<p id=\"u4736-29\">&#8230;\u201dPensar num objecto n\u00e3o estritamente de s\u00e9rie e dotado das caracter\u00edsticas de uma aut\u00eantica individualidade, esse objecto s\u00f3 poder\u00e1 ser criado artesanalmente e nele estar\u00e3o presentes&#8230;as caracter\u00edsticas que desde tempos imemoriais&#8230;a tatuagem e os rituais dos homens e que talvez tendam a permanecer e a perpetuar-se tamb\u00e9m no seio de uma sociedade homog\u00e9nea e totalmente industrializada.<\/p>\n<p id=\"u4736-32\" style=\"text-align: right;\">In Dorfles, Gillo. \u201cO design Industrial e a sua est\u00e9tica&#8221;<\/p>\n<div class=\"grammarly-disable-indicator\"><\/div>\n<div class=\"grammarly-disable-indicator\"><\/div>\n<div class=\"grammarly-disable-indicator\"><\/div>\n<div class=\"grammarly-disable-indicator\"><\/div>\n<div class=\"grammarly-disable-indicator\"><\/div>\n<div class=\"grammarly-disable-indicator\"><\/div>\n<p>[\/vc_column_text][\/vc_column_inner][\/vc_row_inner][vc_empty_space height=&#8221;53px&#8221;][vc_column_text]Pelo modo como conjuga o trabalho manual das mat\u00e9rias primas tradicionais com a industria a Likecork produz um mobili\u00e1rio que espelha a identidade e a cultura do Sul de Portugal de uma forma moderna\u00a0 e sofisticada. Esta \u00e9 a oferta da Likecork&#8230;<\/p>\n<div class=\"grammarly-disable-indicator\"><\/div>\n<div class=\"grammarly-disable-indicator\"><\/div>\n<div class=\"grammarly-disable-indicator\"><\/div>\n<div class=\"grammarly-disable-indicator\"><\/div>\n<div class=\"grammarly-disable-indicator\"><\/div>\n<div class=\"grammarly-disable-indicator\"><\/div>\n<p>[\/vc_column_text][\/vc_column][\/vc_row][vc_row][vc_column width=&#8221;1\/3&#8243;][vc_column_text]<\/p>\n<h2 id=\"u4737-2\">O artesanato&#8230;<\/h2>\n<p id=\"u4737-5\">\u00c9 um campo que possibilita ao designer uma r\u00e1pida experimenta\u00e7\u00e3o e execu\u00e7\u00e3o dos projetos. Da troca de saberes destes dois mundos designer e artes\u00e3o, resulta um produto gerado por esta rela\u00e7\u00e3o pessoal.<\/p>\n<p id=\"u4737-8\">O conhecimento das t\u00e9cnicas sobre as quais se exploram as mat\u00e9rias, \u00e9 sem d\u00favida dos mais importantes legados deste intercambio, pois \u00e9 neles que adv\u00e9m uma gen\u00e9tica cultural e tradicional que \u00e9 passada para os novos produtos e consequentemente para o quotidiano atual.<\/p>\n<div class=\"grammarly-disable-indicator\"><\/div>\n<div class=\"grammarly-disable-indicator\"><\/div>\n<div class=\"grammarly-disable-indicator\"><\/div>\n<div class=\"grammarly-disable-indicator\"><\/div>\n<div class=\"grammarly-disable-indicator\"><\/div>\n<div class=\"grammarly-disable-indicator\"><\/div>\n<p>[\/vc_column_text][\/vc_column][vc_column width=&#8221;1\/3&#8243;][vc_column_text]<\/p>\n<h2 id=\"u4738-2\">O design&#8230;<\/h2>\n<p id=\"u4738-5\">Estabelece a ponte entre o saber artesanal aliado \u00e0s novas tecnologias e a modos de fazer com coeficientes de produ\u00e7\u00e3o mais elevados, n\u00e3o esquecendo as formas e os desenhos tradicionais que espelham a cultura Portuguesa. Esta ser\u00e1 a heran\u00e7a transmitida pelas nossas pe\u00e7as.<\/p>\n<div class=\"grammarly-disable-indicator\"><\/div>\n<div class=\"grammarly-disable-indicator\"><\/div>\n<div class=\"grammarly-disable-indicator\"><\/div>\n<div class=\"grammarly-disable-indicator\"><\/div>\n<div class=\"grammarly-disable-indicator\"><\/div>\n<div class=\"grammarly-disable-indicator\"><\/div>\n<p>[\/vc_column_text][\/vc_column][vc_column width=&#8221;1\/3&#8243;][vc_column_text]<\/p>\n<h2 id=\"u4739-2\">Portugal&#8230;<\/h2>\n<p id=\"u4739-5\">\u00c9 da Peninsula Ib\u00e9rica que prov\u00eam 80% das exporta\u00e7\u00f5es globais dos produtos de corti\u00e7a. Aproximadamente 60% das exporta\u00e7\u00f5es mundiais tem origem em Portugal.<\/p>\n<div class=\"grammarly-disable-indicator\"><\/div>\n<div class=\"grammarly-disable-indicator\"><\/div>\n<div class=\"grammarly-disable-indicator\"><\/div>\n<div class=\"grammarly-disable-indicator\"><\/div>\n<div class=\"grammarly-disable-indicator\"><\/div>\n<div class=\"grammarly-disable-indicator\"><\/div>\n<p>[\/vc_column_text][\/vc_column][\/vc_row]<\/p>\n<div class=\"grammarly-disable-indicator\"><\/div>\n","protected":false},"excerpt":{"rendered":"<p>[vc_row el_class=&#8221;about-us&#8221; css=&#8221;.vc_custom_1533628481474{margin-right: 0px !important;margin-bottom: 44px !important;margin-left: 0px !important;padding-bottom: 57px !important;background-color: #f5f5f5 !important;}&#8221;][vc_column][vc_column_text] Likecork A Corti\u00e7a, um recurso natural e renov\u00e1vel, com propriedades sensoriais e textura \u00fanicas, sempre fez parte da cultura portuguesa. Likecork \u00e9 uma marca de mobili\u00e1rio e acess\u00f3rios para casa, que combina o esp\u00edrito das tradi\u00e7\u00f5es Portuguesas com o respeito pela natureza [&hellip;]<\/p>\n","protected":false},"author":1,"featured_media":0,"parent":0,"menu_order":0,"comment_status":"closed","ping_status":"closed","template":"","meta":{"_mi_skip_tracking":false},"aioseo_notices":[],"_links":{"self":[{"href":"https:\/\/likecork.com\/shop\/wp-json\/wp\/v2\/pages\/6396"}],"collection":[{"href":"https:\/\/likecork.com\/shop\/wp-json\/wp\/v2\/pages"}],"about":[{"href":"https:\/\/likecork.com\/shop\/wp-json\/wp\/v2\/types\/page"}],"author":[{"embeddable":true,"href":"https:\/\/likecork.com\/shop\/wp-json\/wp\/v2\/users\/1"}],"replies":[{"embeddable":true,"href":"https:\/\/likecork.com\/shop\/wp-json\/wp\/v2\/comments?post=6396"}],"version-history":[{"count":4,"href":"https:\/\/likecork.com\/shop\/wp-json\/wp\/v2\/pages\/6396\/revisions"}],"predecessor-version":[{"id":7959,"href":"https:\/\/likecork.com\/shop\/wp-json\/wp\/v2\/pages\/6396\/revisions\/7959"}],"wp:attachment":[{"href":"https:\/\/likecork.com\/shop\/wp-json\/wp\/v2\/media?parent=6396"}],"curies":[{"name":"wp","href":"https:\/\/api.w.org\/{rel}","templated":true}]}}